{"id":784,"date":"2021-06-17T10:11:04","date_gmt":"2021-06-17T10:11:04","guid":{"rendered":"https:\/\/first-gt.com\/produit\/porsche-macan-s\/"},"modified":"2026-04-16T14:34:58","modified_gmt":"2026-04-16T14:34:58","slug":"porsche-macan-s","status":"publish","type":"product","link":"https:\/\/first-gt.com\/fr\/vehicules\/porsche-macan-s\/","title":{"rendered":"PORSCHE Macan S"},"content":{"rendered":"<p>La Porsche Macan S propose une interpr\u00e9tation compacte du SUV sportif, en privil\u00e9giant l\u2019agilit\u00e9 et la polyvalence. Son design reste \u00e9quilibr\u00e9 et adapt\u00e9 \u00e0 un usage urbain. L\u2019int\u00e9rieur met en avant la qualit\u00e9 de finition et l\u2019ergonomie. Sur la route, elle offre une conduite dynamique et pr\u00e9cise, sup\u00e9rieure \u00e0 la moyenne de sa cat\u00e9gorie. Elle s\u2019adresse \u00e0 ceux qui recherchent un SUV compact avec du caract\u00e8re.<\/p>\n","protected":false},"excerpt":{"rendered":"<p>Nombre de places : 5<br \/>\nPuissance : 354<br \/>\nPrix pour 1 journ\u00e9e (250km inclus) :<br \/>\n<span class=\"redclass\">\u00e0 partir de 550\u20ac<\/span><br \/>\nPrix pour 3 jours (750km inclus) :<br \/>\n<span class=\"redclass\">\u00e0 partir de 1500\u20ac<\/span><br \/>\nPrix pour 7 jours (1250km inclus) :<br \/>\n<span class=\"redclass\">\u00e0 partir de 2800\u20ac<\/span><br \/>\nFranchise :<br \/>\n<span class=\"redclass\">15000\u20ac<\/span><br \/>\nAssurance compl\u00e9mentaire (par jour) :<br \/>\n<span class=\"redclass\">45\u20ac par jour<\/span><br \/>\nFranchise r\u00e9duite :<br \/>\n<span class=\"redclass\">7500\u20ac<\/span><\/p>\n","protected":false},"featured_media":1259,"template":"","meta":[],"pwb-brand":[113],"product_brand":[],"product_cat":[73],"product_tag":[],"class_list":{"0":"post-784","1":"product","2":"type-product","3":"status-publish","4":"has-post-thumbnail","6":"pwb-brand-porsche-fr","7":"product_cat-4-x-4-suv","9":"first","10":"instock","11":"shipping-taxable","12":"product-type-simple","13":"add-to-wishlist-after_add_to_cart"},"yoast_head":"<!-- This site is optimized with the Yoast SEO plugin v27.5 - https:\/\/yoast.com\/product\/yoast-seo-wordpress\/ -->\n<title>PORSCHE Macan S - First GT<\/title>\n<meta name=\"robots\" content=\"index, follow, max-snippet:-1, max-image-preview:large, max-video-preview:-1\" \/>\n<link rel=\"canonical\" href=\"https:\/\/first-gt.com\/fr\/vehicules\/porsche-macan-s\/\" \/>\n<meta property=\"og:locale\" content=\"fr_FR\" \/>\n<meta property=\"og:type\" content=\"article\" \/>\n<meta property=\"og:title\" content=\"PORSCHE Macan S - First GT\" \/>\n<meta property=\"og:description\" content=\"Nombre de places : 5 Puissance : 354 Prix pour 1 journ\u00e9e (250km inclus) : \u00e0 partir de 550\u20ac Prix pour 3 jours (750km inclus) : \u00e0 partir de 1500\u20ac Prix pour 7 jours (1250km inclus) : \u00e0 partir de 2800\u20ac Franchise : 15000\u20ac Assurance compl\u00e9mentaire (par jour) : 45\u20ac par jour Franchise r\u00e9duite : 7500\u20ac\" \/>\n<meta property=\"og:url\" content=\"https:\/\/first-gt.com\/fr\/vehicules\/porsche-macan-s\/\" \/>\n<meta property=\"og:site_name\" content=\"First GT\" \/>\n<meta property=\"article:modified_time\" content=\"2026-04-16T14:34:58+00:00\" \/>\n<meta property=\"og:image\" content=\"https:\/\/first-gt.com\/wp-content\/uploads\/2021\/06\/Porsche-Macan.jpg\" \/>\n\t<meta property=\"og:image:width\" content=\"1280\" \/>\n\t<meta property=\"og:image:height\" content=\"960\" \/>\n\t<meta property=\"og:image:type\" content=\"image\/jpeg\" \/>\n<meta name=\"twitter:card\" content=\"summary_large_image\" \/>\n<meta name=\"twitter:label1\" content=\"Dur\u00e9e de lecture estim\u00e9e\" \/>\n\t<meta name=\"twitter:data1\" content=\"1 minute\" \/>\n<script type=\"application\/ld+json\" class=\"yoast-schema-graph\">{\"@context\":\"https:\\\/\\\/schema.org\",\"@graph\":[{\"@type\":\"WebPage\",\"@id\":\"https:\\\/\\\/first-gt.com\\\/fr\\\/vehicules\\\/porsche-macan-s\\\/\",\"url\":\"https:\\\/\\\/first-gt.com\\\/fr\\\/vehicules\\\/porsche-macan-s\\\/\",\"name\":\"PORSCHE Macan S - First GT\",\"isPartOf\":{\"@id\":\"https:\\\/\\\/first-gt.com\\\/#website\"},\"primaryImageOfPage\":{\"@id\":\"https:\\\/\\\/first-gt.com\\\/fr\\\/vehicules\\\/porsche-macan-s\\\/#primaryimage\"},\"image\":{\"@id\":\"https:\\\/\\\/first-gt.com\\\/fr\\\/vehicules\\\/porsche-macan-s\\\/#primaryimage\"},\"thumbnailUrl\":\"https:\\\/\\\/first-gt.com\\\/wp-content\\\/uploads\\\/2021\\\/06\\\/Porsche-Macan.jpg\",\"datePublished\":\"2021-06-17T10:11:04+00:00\",\"dateModified\":\"2026-04-16T14:34:58+00:00\",\"breadcrumb\":{\"@id\":\"https:\\\/\\\/first-gt.com\\\/fr\\\/vehicules\\\/porsche-macan-s\\\/#breadcrumb\"},\"inLanguage\":\"fr-FR\",\"potentialAction\":[{\"@type\":\"ReadAction\",\"target\":[\"https:\\\/\\\/first-gt.com\\\/fr\\\/vehicules\\\/porsche-macan-s\\\/\"]}]},{\"@type\":\"ImageObject\",\"inLanguage\":\"fr-FR\",\"@id\":\"https:\\\/\\\/first-gt.com\\\/fr\\\/vehicules\\\/porsche-macan-s\\\/#primaryimage\",\"url\":\"https:\\\/\\\/first-gt.com\\\/wp-content\\\/uploads\\\/2021\\\/06\\\/Porsche-Macan.jpg\",\"contentUrl\":\"https:\\\/\\\/first-gt.com\\\/wp-content\\\/uploads\\\/2021\\\/06\\\/Porsche-Macan.jpg\",\"width\":1280,\"height\":960},{\"@type\":\"BreadcrumbList\",\"@id\":\"https:\\\/\\\/first-gt.com\\\/fr\\\/vehicules\\\/porsche-macan-s\\\/#breadcrumb\",\"itemListElement\":[{\"@type\":\"ListItem\",\"position\":1,\"name\":\"Accueil\",\"item\":\"https:\\\/\\\/first-gt.com\\\/fr\\\/\"},{\"@type\":\"ListItem\",\"position\":2,\"name\":\"Notre flotte de v\u00e9hicules\",\"item\":\"https:\\\/\\\/first-gt.com\\\/fr\\\/vehicules\\\/\"},{\"@type\":\"ListItem\",\"position\":3,\"name\":\"PORSCHE Macan S\"}]},{\"@type\":\"WebSite\",\"@id\":\"https:\\\/\\\/first-gt.com\\\/#website\",\"url\":\"https:\\\/\\\/first-gt.com\\\/\",\"name\":\"First GT\",\"description\":\"First GT\",\"potentialAction\":[{\"@type\":\"SearchAction\",\"target\":{\"@type\":\"EntryPoint\",\"urlTemplate\":\"https:\\\/\\\/first-gt.com\\\/?s={search_term_string}\"},\"query-input\":{\"@type\":\"PropertyValueSpecification\",\"valueRequired\":true,\"valueName\":\"search_term_string\"}}],\"inLanguage\":\"fr-FR\"}]}<\/script>\n<!-- \/ Yoast SEO plugin. -->","yoast_head_json":{"title":"PORSCHE Macan S - First GT","robots":{"index":"index","follow":"follow","max-snippet":"max-snippet:-1","max-image-preview":"max-image-preview:large","max-video-preview":"max-video-preview:-1"},"canonical":"https:\/\/first-gt.com\/fr\/vehicules\/porsche-macan-s\/","og_locale":"fr_FR","og_type":"article","og_title":"PORSCHE Macan S - First GT","og_description":"Nombre de places : 5 Puissance : 354 Prix pour 1 journ\u00e9e (250km inclus) : \u00e0 partir de 550\u20ac Prix pour 3 jours (750km inclus) : \u00e0 partir de 1500\u20ac Prix pour 7 jours (1250km inclus) : \u00e0 partir de 2800\u20ac Franchise : 15000\u20ac Assurance compl\u00e9mentaire (par jour) : 45\u20ac par jour Franchise r\u00e9duite : 7500\u20ac","og_url":"https:\/\/first-gt.com\/fr\/vehicules\/porsche-macan-s\/","og_site_name":"First GT","article_modified_time":"2026-04-16T14:34:58+00:00","og_image":[{"width":1280,"height":960,"url":"https:\/\/first-gt.com\/wp-content\/uploads\/2021\/06\/Porsche-Macan.jpg","type":"image\/jpeg"}],"twitter_card":"summary_large_image","twitter_misc":{"Dur\u00e9e de lecture estim\u00e9e":"1 minute"},"schema":{"@context":"https:\/\/schema.org","@graph":[{"@type":"WebPage","@id":"https:\/\/first-gt.com\/fr\/vehicules\/porsche-macan-s\/","url":"https:\/\/first-gt.com\/fr\/vehicules\/porsche-macan-s\/","name":"PORSCHE Macan S - First GT","isPartOf":{"@id":"https:\/\/first-gt.com\/#website"},"primaryImageOfPage":{"@id":"https:\/\/first-gt.com\/fr\/vehicules\/porsche-macan-s\/#primaryimage"},"image":{"@id":"https:\/\/first-gt.com\/fr\/vehicules\/porsche-macan-s\/#primaryimage"},"thumbnailUrl":"https:\/\/first-gt.com\/wp-content\/uploads\/2021\/06\/Porsche-Macan.jpg","datePublished":"2021-06-17T10:11:04+00:00","dateModified":"2026-04-16T14:34:58+00:00","breadcrumb":{"@id":"https:\/\/first-gt.com\/fr\/vehicules\/porsche-macan-s\/#breadcrumb"},"inLanguage":"fr-FR","potentialAction":[{"@type":"ReadAction","target":["https:\/\/first-gt.com\/fr\/vehicules\/porsche-macan-s\/"]}]},{"@type":"ImageObject","inLanguage":"fr-FR","@id":"https:\/\/first-gt.com\/fr\/vehicules\/porsche-macan-s\/#primaryimage","url":"https:\/\/first-gt.com\/wp-content\/uploads\/2021\/06\/Porsche-Macan.jpg","contentUrl":"https:\/\/first-gt.com\/wp-content\/uploads\/2021\/06\/Porsche-Macan.jpg","width":1280,"height":960},{"@type":"BreadcrumbList","@id":"https:\/\/first-gt.com\/fr\/vehicules\/porsche-macan-s\/#breadcrumb","itemListElement":[{"@type":"ListItem","position":1,"name":"Accueil","item":"https:\/\/first-gt.com\/fr\/"},{"@type":"ListItem","position":2,"name":"Notre flotte de v\u00e9hicules","item":"https:\/\/first-gt.com\/fr\/vehicules\/"},{"@type":"ListItem","position":3,"name":"PORSCHE Macan S"}]},{"@type":"WebSite","@id":"https:\/\/first-gt.com\/#website","url":"https:\/\/first-gt.com\/","name":"First GT","description":"First GT","potentialAction":[{"@type":"SearchAction","target":{"@type":"EntryPoint","urlTemplate":"https:\/\/first-gt.com\/?s={search_term_string}"},"query-input":{"@type":"PropertyValueSpecification","valueRequired":true,"valueName":"search_term_string"}}],"inLanguage":"fr-FR"}]}},"brands":[{"id":113,"name":"Porsche","slug":"porsche-fr"}],"_links":{"self":[{"href":"https:\/\/first-gt.com\/fr\/wp-json\/wp\/v2\/product\/784","targetHints":{"allow":["GET"]}}],"collection":[{"href":"https:\/\/first-gt.com\/fr\/wp-json\/wp\/v2\/product"}],"about":[{"href":"https:\/\/first-gt.com\/fr\/wp-json\/wp\/v2\/types\/product"}],"wp:featuredmedia":[{"embeddable":true,"href":"https:\/\/first-gt.com\/fr\/wp-json\/wp\/v2\/media\/1259"}],"wp:attachment":[{"href":"https:\/\/first-gt.com\/fr\/wp-json\/wp\/v2\/media?parent=784"}],"wp:term":[{"taxonomy":"pwb-brand","embeddable":true,"href":"https:\/\/first-gt.com\/fr\/wp-json\/wp\/v2\/pwb-brand?post=784"},{"taxonomy":"product_brand","embeddable":true,"href":"https:\/\/first-gt.com\/fr\/wp-json\/wp\/v2\/product_brand?post=784"},{"taxonomy":"product_cat","embeddable":true,"href":"https:\/\/first-gt.com\/fr\/wp-json\/wp\/v2\/product_cat?post=784"},{"taxonomy":"product_tag","embeddable":true,"href":"https:\/\/first-gt.com\/fr\/wp-json\/wp\/v2\/product_tag?post=784"}],"curies":[{"name":"wp","href":"https:\/\/api.w.org\/{rel}","templated":true}]}}