{"id":783,"date":"2021-06-17T10:11:02","date_gmt":"2021-06-17T10:11:02","guid":{"rendered":"https:\/\/first-gt.com\/produit\/mercedes-glc\/"},"modified":"2026-04-16T14:28:54","modified_gmt":"2026-04-16T14:28:54","slug":"mercedes-glc","status":"publish","type":"product","link":"https:\/\/first-gt.com\/fr\/vehicules\/mercedes-glc\/","title":{"rendered":"MERCEDES GLC 220"},"content":{"rendered":"<p>La Mercedes GLC 220 propose une approche \u00e9quilibr\u00e9e du SUV premium, combinant confort, technologie et polyvalence. Son design moderne et \u00e9pur\u00e9 s\u2019adapte aussi bien \u00e0 un usage urbain qu\u2019\u00e0 des trajets plus longs. L\u2019int\u00e9rieur met en avant un environnement digital intuitif et des mat\u00e9riaux de qualit\u00e9. Sur la route, elle offre une conduite douce et stable, favorisant le confort. Elle constitue une option coh\u00e9rente pour ceux qui recherchent un SUV polyvalent et accessible.<\/p>\n","protected":false},"excerpt":{"rendered":"<p>Nombre de places : 5<br \/>\nPuissance : 170<br \/>\nPrix pour 1 journ\u00e9e (250km inclus) :<br \/>\n<span class=\"redclass\">\u00e0 partir de 450\u20ac<\/span><br \/>\nPrix pour 3 jours (750km inclus) :<br \/>\n<span class=\"redclass\">\u00e0 partir de 1200\u20ac<\/span><br \/>\nPrix pour 7 jours (1750km inclus) :<br \/>\n<span class=\"redclass\">\u00e0 partir de 2400\u20ac<\/span><br \/>\nFranchise :<br \/>\n<span class=\"redclass\">13000\u20ac<\/span><br \/>\nAssurance compl\u00e9mentaire (par jour) :<br \/>\n<span class=\"redclass\">40\u20ac par jour<\/span><br \/>\nFranchise r\u00e9duite :<br \/>\n<span class=\"redclass\">5000\u20ac<\/span><\/p>\n","protected":false},"featured_media":1168,"template":"","meta":[],"pwb-brand":[42],"product_brand":[],"product_cat":[73],"product_tag":[],"class_list":{"0":"post-783","1":"product","2":"type-product","3":"status-publish","4":"has-post-thumbnail","6":"pwb-brand-mercedes-fr","7":"product_cat-4-x-4-suv","9":"first","10":"instock","11":"shipping-taxable","12":"product-type-simple","13":"add-to-wishlist-after_add_to_cart"},"yoast_head":"<!-- This site is optimized with the Yoast SEO plugin v27.5 - https:\/\/yoast.com\/product\/yoast-seo-wordpress\/ -->\n<title>MERCEDES GLC 220 - First GT<\/title>\n<meta name=\"robots\" content=\"index, follow, max-snippet:-1, max-image-preview:large, max-video-preview:-1\" \/>\n<link rel=\"canonical\" href=\"https:\/\/first-gt.com\/fr\/vehicules\/mercedes-glc\/\" \/>\n<meta property=\"og:locale\" content=\"fr_FR\" \/>\n<meta property=\"og:type\" content=\"article\" \/>\n<meta property=\"og:title\" content=\"MERCEDES GLC 220 - First GT\" \/>\n<meta property=\"og:description\" content=\"Nombre de places : 5 Puissance : 170 Prix pour 1 journ\u00e9e (250km inclus) : \u00e0 partir de 450\u20ac Prix pour 3 jours (750km inclus) : \u00e0 partir de 1200\u20ac Prix pour 7 jours (1750km inclus) : \u00e0 partir de 2400\u20ac Franchise : 13000\u20ac Assurance compl\u00e9mentaire (par jour) : 40\u20ac par jour Franchise r\u00e9duite : 5000\u20ac\" \/>\n<meta property=\"og:url\" content=\"https:\/\/first-gt.com\/fr\/vehicules\/mercedes-glc\/\" \/>\n<meta property=\"og:site_name\" content=\"First GT\" \/>\n<meta property=\"article:modified_time\" content=\"2026-04-16T14:28:54+00:00\" \/>\n<meta property=\"og:image\" content=\"https:\/\/first-gt.com\/wp-content\/uploads\/2021\/06\/Mercedes-Benz-GLC-2023-1280-2c.jpg\" \/>\n\t<meta property=\"og:image:width\" content=\"1275\" \/>\n\t<meta property=\"og:image:height\" content=\"926\" \/>\n\t<meta property=\"og:image:type\" content=\"image\/jpeg\" \/>\n<meta name=\"twitter:card\" content=\"summary_large_image\" \/>\n<meta name=\"twitter:label1\" content=\"Dur\u00e9e de lecture estim\u00e9e\" \/>\n\t<meta name=\"twitter:data1\" content=\"1 minute\" \/>\n<script type=\"application\/ld+json\" class=\"yoast-schema-graph\">{\"@context\":\"https:\\\/\\\/schema.org\",\"@graph\":[{\"@type\":\"WebPage\",\"@id\":\"https:\\\/\\\/first-gt.com\\\/fr\\\/vehicules\\\/mercedes-glc\\\/\",\"url\":\"https:\\\/\\\/first-gt.com\\\/fr\\\/vehicules\\\/mercedes-glc\\\/\",\"name\":\"MERCEDES GLC 220 - First GT\",\"isPartOf\":{\"@id\":\"https:\\\/\\\/first-gt.com\\\/#website\"},\"primaryImageOfPage\":{\"@id\":\"https:\\\/\\\/first-gt.com\\\/fr\\\/vehicules\\\/mercedes-glc\\\/#primaryimage\"},\"image\":{\"@id\":\"https:\\\/\\\/first-gt.com\\\/fr\\\/vehicules\\\/mercedes-glc\\\/#primaryimage\"},\"thumbnailUrl\":\"https:\\\/\\\/first-gt.com\\\/wp-content\\\/uploads\\\/2021\\\/06\\\/Mercedes-Benz-GLC-2023-1280-2c.jpg\",\"datePublished\":\"2021-06-17T10:11:02+00:00\",\"dateModified\":\"2026-04-16T14:28:54+00:00\",\"breadcrumb\":{\"@id\":\"https:\\\/\\\/first-gt.com\\\/fr\\\/vehicules\\\/mercedes-glc\\\/#breadcrumb\"},\"inLanguage\":\"fr-FR\",\"potentialAction\":[{\"@type\":\"ReadAction\",\"target\":[\"https:\\\/\\\/first-gt.com\\\/fr\\\/vehicules\\\/mercedes-glc\\\/\"]}]},{\"@type\":\"ImageObject\",\"inLanguage\":\"fr-FR\",\"@id\":\"https:\\\/\\\/first-gt.com\\\/fr\\\/vehicules\\\/mercedes-glc\\\/#primaryimage\",\"url\":\"https:\\\/\\\/first-gt.com\\\/wp-content\\\/uploads\\\/2021\\\/06\\\/Mercedes-Benz-GLC-2023-1280-2c.jpg\",\"contentUrl\":\"https:\\\/\\\/first-gt.com\\\/wp-content\\\/uploads\\\/2021\\\/06\\\/Mercedes-Benz-GLC-2023-1280-2c.jpg\",\"width\":1275,\"height\":926},{\"@type\":\"BreadcrumbList\",\"@id\":\"https:\\\/\\\/first-gt.com\\\/fr\\\/vehicules\\\/mercedes-glc\\\/#breadcrumb\",\"itemListElement\":[{\"@type\":\"ListItem\",\"position\":1,\"name\":\"Accueil\",\"item\":\"https:\\\/\\\/first-gt.com\\\/fr\\\/\"},{\"@type\":\"ListItem\",\"position\":2,\"name\":\"Notre flotte de v\u00e9hicules\",\"item\":\"https:\\\/\\\/first-gt.com\\\/fr\\\/vehicules\\\/\"},{\"@type\":\"ListItem\",\"position\":3,\"name\":\"MERCEDES GLC 220\"}]},{\"@type\":\"WebSite\",\"@id\":\"https:\\\/\\\/first-gt.com\\\/#website\",\"url\":\"https:\\\/\\\/first-gt.com\\\/\",\"name\":\"First GT\",\"description\":\"First GT\",\"potentialAction\":[{\"@type\":\"SearchAction\",\"target\":{\"@type\":\"EntryPoint\",\"urlTemplate\":\"https:\\\/\\\/first-gt.com\\\/?s={search_term_string}\"},\"query-input\":{\"@type\":\"PropertyValueSpecification\",\"valueRequired\":true,\"valueName\":\"search_term_string\"}}],\"inLanguage\":\"fr-FR\"}]}<\/script>\n<!-- \/ Yoast SEO plugin. -->","yoast_head_json":{"title":"MERCEDES GLC 220 - First GT","robots":{"index":"index","follow":"follow","max-snippet":"max-snippet:-1","max-image-preview":"max-image-preview:large","max-video-preview":"max-video-preview:-1"},"canonical":"https:\/\/first-gt.com\/fr\/vehicules\/mercedes-glc\/","og_locale":"fr_FR","og_type":"article","og_title":"MERCEDES GLC 220 - First GT","og_description":"Nombre de places : 5 Puissance : 170 Prix pour 1 journ\u00e9e (250km inclus) : \u00e0 partir de 450\u20ac Prix pour 3 jours (750km inclus) : \u00e0 partir de 1200\u20ac Prix pour 7 jours (1750km inclus) : \u00e0 partir de 2400\u20ac Franchise : 13000\u20ac Assurance compl\u00e9mentaire (par jour) : 40\u20ac par jour Franchise r\u00e9duite : 5000\u20ac","og_url":"https:\/\/first-gt.com\/fr\/vehicules\/mercedes-glc\/","og_site_name":"First GT","article_modified_time":"2026-04-16T14:28:54+00:00","og_image":[{"width":1275,"height":926,"url":"https:\/\/first-gt.com\/wp-content\/uploads\/2021\/06\/Mercedes-Benz-GLC-2023-1280-2c.jpg","type":"image\/jpeg"}],"twitter_card":"summary_large_image","twitter_misc":{"Dur\u00e9e de lecture estim\u00e9e":"1 minute"},"schema":{"@context":"https:\/\/schema.org","@graph":[{"@type":"WebPage","@id":"https:\/\/first-gt.com\/fr\/vehicules\/mercedes-glc\/","url":"https:\/\/first-gt.com\/fr\/vehicules\/mercedes-glc\/","name":"MERCEDES GLC 220 - First GT","isPartOf":{"@id":"https:\/\/first-gt.com\/#website"},"primaryImageOfPage":{"@id":"https:\/\/first-gt.com\/fr\/vehicules\/mercedes-glc\/#primaryimage"},"image":{"@id":"https:\/\/first-gt.com\/fr\/vehicules\/mercedes-glc\/#primaryimage"},"thumbnailUrl":"https:\/\/first-gt.com\/wp-content\/uploads\/2021\/06\/Mercedes-Benz-GLC-2023-1280-2c.jpg","datePublished":"2021-06-17T10:11:02+00:00","dateModified":"2026-04-16T14:28:54+00:00","breadcrumb":{"@id":"https:\/\/first-gt.com\/fr\/vehicules\/mercedes-glc\/#breadcrumb"},"inLanguage":"fr-FR","potentialAction":[{"@type":"ReadAction","target":["https:\/\/first-gt.com\/fr\/vehicules\/mercedes-glc\/"]}]},{"@type":"ImageObject","inLanguage":"fr-FR","@id":"https:\/\/first-gt.com\/fr\/vehicules\/mercedes-glc\/#primaryimage","url":"https:\/\/first-gt.com\/wp-content\/uploads\/2021\/06\/Mercedes-Benz-GLC-2023-1280-2c.jpg","contentUrl":"https:\/\/first-gt.com\/wp-content\/uploads\/2021\/06\/Mercedes-Benz-GLC-2023-1280-2c.jpg","width":1275,"height":926},{"@type":"BreadcrumbList","@id":"https:\/\/first-gt.com\/fr\/vehicules\/mercedes-glc\/#breadcrumb","itemListElement":[{"@type":"ListItem","position":1,"name":"Accueil","item":"https:\/\/first-gt.com\/fr\/"},{"@type":"ListItem","position":2,"name":"Notre flotte de v\u00e9hicules","item":"https:\/\/first-gt.com\/fr\/vehicules\/"},{"@type":"ListItem","position":3,"name":"MERCEDES GLC 220"}]},{"@type":"WebSite","@id":"https:\/\/first-gt.com\/#website","url":"https:\/\/first-gt.com\/","name":"First GT","description":"First GT","potentialAction":[{"@type":"SearchAction","target":{"@type":"EntryPoint","urlTemplate":"https:\/\/first-gt.com\/?s={search_term_string}"},"query-input":{"@type":"PropertyValueSpecification","valueRequired":true,"valueName":"search_term_string"}}],"inLanguage":"fr-FR"}]}},"brands":[{"id":42,"name":"Mercedes","slug":"mercedes-fr"}],"_links":{"self":[{"href":"https:\/\/first-gt.com\/fr\/wp-json\/wp\/v2\/product\/783","targetHints":{"allow":["GET"]}}],"collection":[{"href":"https:\/\/first-gt.com\/fr\/wp-json\/wp\/v2\/product"}],"about":[{"href":"https:\/\/first-gt.com\/fr\/wp-json\/wp\/v2\/types\/product"}],"wp:featuredmedia":[{"embeddable":true,"href":"https:\/\/first-gt.com\/fr\/wp-json\/wp\/v2\/media\/1168"}],"wp:attachment":[{"href":"https:\/\/first-gt.com\/fr\/wp-json\/wp\/v2\/media?parent=783"}],"wp:term":[{"taxonomy":"pwb-brand","embeddable":true,"href":"https:\/\/first-gt.com\/fr\/wp-json\/wp\/v2\/pwb-brand?post=783"},{"taxonomy":"product_brand","embeddable":true,"href":"https:\/\/first-gt.com\/fr\/wp-json\/wp\/v2\/product_brand?post=783"},{"taxonomy":"product_cat","embeddable":true,"href":"https:\/\/first-gt.com\/fr\/wp-json\/wp\/v2\/product_cat?post=783"},{"taxonomy":"product_tag","embeddable":true,"href":"https:\/\/first-gt.com\/fr\/wp-json\/wp\/v2\/product_tag?post=783"}],"curies":[{"name":"wp","href":"https:\/\/api.w.org\/{rel}","templated":true}]}}