{"id":771,"date":"2021-06-17T10:11:02","date_gmt":"2021-06-17T10:11:02","guid":{"rendered":"https:\/\/first-gt.com\/produit\/mercedes-gls-63-amg\/"},"modified":"2026-04-16T14:31:22","modified_gmt":"2026-04-16T14:31:22","slug":"mercedes-gls-63-amg","status":"publish","type":"product","link":"https:\/\/first-gt.com\/fr\/vehicules\/mercedes-gls-63-amg\/","title":{"rendered":"MERCEDES GLS 63 AMG"},"content":{"rendered":"<p>La Mercedes GLS 63 AMG associe les dimensions d\u2019un grand SUV \u00e0 des performances \u00e9lev\u00e9es. Son design met en avant des \u00e9l\u00e9ments sportifs tout en conservant une allure \u00e9l\u00e9gante. L\u2019int\u00e9rieur reste spacieux et luxueux, avec une forte pr\u00e9sence technologique. Sur la route, elle d\u00e9livre une puissance importante tout en conservant une bonne ma\u00eetrise. Elle s\u2019adresse \u00e0 ceux qui recherchent un SUV \u00e0 la fois performant et confortable.<\/p>\n","protected":false},"excerpt":{"rendered":"<p>Nombre de places : 7<br \/>\nPuissance : 612<br \/>\nPrix pour 1 journ\u00e9e (250km inclus) :<br \/>\n<span class=\"redclass\">\u00e0 partir de 1160\u20ac<\/span><br \/>\nPrix pour 3 jours (750km inclus) :<br \/>\n<span class=\"redclass\">\u00e0 partir de 3100\u20ac<\/span><br \/>\nPrix pour 7 jours (1750km inclus) :<br \/>\n<span class=\"redclass\">\u00e0 partir de 5800\u20ac<\/span><br \/>\nFranchise :<br \/>\n<span class=\"redclass\">30000\u20ac<\/span><br \/>\nAssurance compl\u00e9mentaire (par jour) :<br \/>\n<span class=\"redclass\">100\u20ac par jour<\/span><br \/>\nFranchise r\u00e9duite :<br \/>\n<span class=\"redclass\">10000\u20ac<\/span><\/p>\n","protected":false},"featured_media":335,"template":"","meta":[],"pwb-brand":[42],"product_brand":[],"product_cat":[73],"product_tag":[],"class_list":{"0":"post-771","1":"product","2":"type-product","3":"status-publish","4":"has-post-thumbnail","6":"pwb-brand-mercedes-fr","7":"product_cat-4-x-4-suv","9":"first","10":"instock","11":"shipping-taxable","12":"product-type-simple","13":"add-to-wishlist-after_add_to_cart"},"yoast_head":"<!-- This site is optimized with the Yoast SEO plugin v27.5 - https:\/\/yoast.com\/product\/yoast-seo-wordpress\/ -->\n<title>MERCEDES GLS 63 AMG - First GT<\/title>\n<meta name=\"robots\" content=\"index, follow, max-snippet:-1, max-image-preview:large, max-video-preview:-1\" \/>\n<link rel=\"canonical\" href=\"https:\/\/first-gt.com\/fr\/vehicules\/mercedes-gls-63-amg\/\" \/>\n<meta property=\"og:locale\" content=\"fr_FR\" \/>\n<meta property=\"og:type\" content=\"article\" \/>\n<meta property=\"og:title\" content=\"MERCEDES GLS 63 AMG - First GT\" \/>\n<meta property=\"og:description\" content=\"Nombre de places : 7 Puissance : 612 Prix pour 1 journ\u00e9e (250km inclus) : \u00e0 partir de 1160\u20ac Prix pour 3 jours (750km inclus) : \u00e0 partir de 3100\u20ac Prix pour 7 jours (1750km inclus) : \u00e0 partir de 5800\u20ac Franchise : 30000\u20ac Assurance compl\u00e9mentaire (par jour) : 100\u20ac par jour Franchise r\u00e9duite : 10000\u20ac\" \/>\n<meta property=\"og:url\" content=\"https:\/\/first-gt.com\/fr\/vehicules\/mercedes-gls-63-amg\/\" \/>\n<meta property=\"og:site_name\" content=\"First GT\" \/>\n<meta property=\"article:modified_time\" content=\"2026-04-16T14:31:22+00:00\" \/>\n<meta property=\"og:image\" content=\"https:\/\/first-gt.com\/wp-content\/uploads\/2021\/05\/mercedes-gls-63-amg.jpg\" \/>\n\t<meta property=\"og:image:width\" content=\"1800\" \/>\n\t<meta property=\"og:image:height\" content=\"1200\" \/>\n\t<meta property=\"og:image:type\" content=\"image\/jpeg\" \/>\n<meta name=\"twitter:card\" content=\"summary_large_image\" \/>\n<meta name=\"twitter:label1\" content=\"Dur\u00e9e de lecture estim\u00e9e\" \/>\n\t<meta name=\"twitter:data1\" content=\"1 minute\" \/>\n<script type=\"application\/ld+json\" class=\"yoast-schema-graph\">{\"@context\":\"https:\\\/\\\/schema.org\",\"@graph\":[{\"@type\":\"WebPage\",\"@id\":\"https:\\\/\\\/first-gt.com\\\/fr\\\/vehicules\\\/mercedes-gls-63-amg\\\/\",\"url\":\"https:\\\/\\\/first-gt.com\\\/fr\\\/vehicules\\\/mercedes-gls-63-amg\\\/\",\"name\":\"MERCEDES GLS 63 AMG - First GT\",\"isPartOf\":{\"@id\":\"https:\\\/\\\/first-gt.com\\\/#website\"},\"primaryImageOfPage\":{\"@id\":\"https:\\\/\\\/first-gt.com\\\/fr\\\/vehicules\\\/mercedes-gls-63-amg\\\/#primaryimage\"},\"image\":{\"@id\":\"https:\\\/\\\/first-gt.com\\\/fr\\\/vehicules\\\/mercedes-gls-63-amg\\\/#primaryimage\"},\"thumbnailUrl\":\"https:\\\/\\\/first-gt.com\\\/wp-content\\\/uploads\\\/2021\\\/05\\\/mercedes-gls-63-amg.jpg\",\"datePublished\":\"2021-06-17T10:11:02+00:00\",\"dateModified\":\"2026-04-16T14:31:22+00:00\",\"breadcrumb\":{\"@id\":\"https:\\\/\\\/first-gt.com\\\/fr\\\/vehicules\\\/mercedes-gls-63-amg\\\/#breadcrumb\"},\"inLanguage\":\"fr-FR\",\"potentialAction\":[{\"@type\":\"ReadAction\",\"target\":[\"https:\\\/\\\/first-gt.com\\\/fr\\\/vehicules\\\/mercedes-gls-63-amg\\\/\"]}]},{\"@type\":\"ImageObject\",\"inLanguage\":\"fr-FR\",\"@id\":\"https:\\\/\\\/first-gt.com\\\/fr\\\/vehicules\\\/mercedes-gls-63-amg\\\/#primaryimage\",\"url\":\"https:\\\/\\\/first-gt.com\\\/wp-content\\\/uploads\\\/2021\\\/05\\\/mercedes-gls-63-amg.jpg\",\"contentUrl\":\"https:\\\/\\\/first-gt.com\\\/wp-content\\\/uploads\\\/2021\\\/05\\\/mercedes-gls-63-amg.jpg\",\"width\":1800,\"height\":1200},{\"@type\":\"BreadcrumbList\",\"@id\":\"https:\\\/\\\/first-gt.com\\\/fr\\\/vehicules\\\/mercedes-gls-63-amg\\\/#breadcrumb\",\"itemListElement\":[{\"@type\":\"ListItem\",\"position\":1,\"name\":\"Accueil\",\"item\":\"https:\\\/\\\/first-gt.com\\\/fr\\\/\"},{\"@type\":\"ListItem\",\"position\":2,\"name\":\"Notre flotte de v\u00e9hicules\",\"item\":\"https:\\\/\\\/first-gt.com\\\/fr\\\/vehicules\\\/\"},{\"@type\":\"ListItem\",\"position\":3,\"name\":\"MERCEDES GLS 63 AMG\"}]},{\"@type\":\"WebSite\",\"@id\":\"https:\\\/\\\/first-gt.com\\\/#website\",\"url\":\"https:\\\/\\\/first-gt.com\\\/\",\"name\":\"First GT\",\"description\":\"First GT\",\"potentialAction\":[{\"@type\":\"SearchAction\",\"target\":{\"@type\":\"EntryPoint\",\"urlTemplate\":\"https:\\\/\\\/first-gt.com\\\/?s={search_term_string}\"},\"query-input\":{\"@type\":\"PropertyValueSpecification\",\"valueRequired\":true,\"valueName\":\"search_term_string\"}}],\"inLanguage\":\"fr-FR\"}]}<\/script>\n<!-- \/ Yoast SEO plugin. -->","yoast_head_json":{"title":"MERCEDES GLS 63 AMG - First GT","robots":{"index":"index","follow":"follow","max-snippet":"max-snippet:-1","max-image-preview":"max-image-preview:large","max-video-preview":"max-video-preview:-1"},"canonical":"https:\/\/first-gt.com\/fr\/vehicules\/mercedes-gls-63-amg\/","og_locale":"fr_FR","og_type":"article","og_title":"MERCEDES GLS 63 AMG - First GT","og_description":"Nombre de places : 7 Puissance : 612 Prix pour 1 journ\u00e9e (250km inclus) : \u00e0 partir de 1160\u20ac Prix pour 3 jours (750km inclus) : \u00e0 partir de 3100\u20ac Prix pour 7 jours (1750km inclus) : \u00e0 partir de 5800\u20ac Franchise : 30000\u20ac Assurance compl\u00e9mentaire (par jour) : 100\u20ac par jour Franchise r\u00e9duite : 10000\u20ac","og_url":"https:\/\/first-gt.com\/fr\/vehicules\/mercedes-gls-63-amg\/","og_site_name":"First GT","article_modified_time":"2026-04-16T14:31:22+00:00","og_image":[{"width":1800,"height":1200,"url":"https:\/\/first-gt.com\/wp-content\/uploads\/2021\/05\/mercedes-gls-63-amg.jpg","type":"image\/jpeg"}],"twitter_card":"summary_large_image","twitter_misc":{"Dur\u00e9e de lecture estim\u00e9e":"1 minute"},"schema":{"@context":"https:\/\/schema.org","@graph":[{"@type":"WebPage","@id":"https:\/\/first-gt.com\/fr\/vehicules\/mercedes-gls-63-amg\/","url":"https:\/\/first-gt.com\/fr\/vehicules\/mercedes-gls-63-amg\/","name":"MERCEDES GLS 63 AMG - First GT","isPartOf":{"@id":"https:\/\/first-gt.com\/#website"},"primaryImageOfPage":{"@id":"https:\/\/first-gt.com\/fr\/vehicules\/mercedes-gls-63-amg\/#primaryimage"},"image":{"@id":"https:\/\/first-gt.com\/fr\/vehicules\/mercedes-gls-63-amg\/#primaryimage"},"thumbnailUrl":"https:\/\/first-gt.com\/wp-content\/uploads\/2021\/05\/mercedes-gls-63-amg.jpg","datePublished":"2021-06-17T10:11:02+00:00","dateModified":"2026-04-16T14:31:22+00:00","breadcrumb":{"@id":"https:\/\/first-gt.com\/fr\/vehicules\/mercedes-gls-63-amg\/#breadcrumb"},"inLanguage":"fr-FR","potentialAction":[{"@type":"ReadAction","target":["https:\/\/first-gt.com\/fr\/vehicules\/mercedes-gls-63-amg\/"]}]},{"@type":"ImageObject","inLanguage":"fr-FR","@id":"https:\/\/first-gt.com\/fr\/vehicules\/mercedes-gls-63-amg\/#primaryimage","url":"https:\/\/first-gt.com\/wp-content\/uploads\/2021\/05\/mercedes-gls-63-amg.jpg","contentUrl":"https:\/\/first-gt.com\/wp-content\/uploads\/2021\/05\/mercedes-gls-63-amg.jpg","width":1800,"height":1200},{"@type":"BreadcrumbList","@id":"https:\/\/first-gt.com\/fr\/vehicules\/mercedes-gls-63-amg\/#breadcrumb","itemListElement":[{"@type":"ListItem","position":1,"name":"Accueil","item":"https:\/\/first-gt.com\/fr\/"},{"@type":"ListItem","position":2,"name":"Notre flotte de v\u00e9hicules","item":"https:\/\/first-gt.com\/fr\/vehicules\/"},{"@type":"ListItem","position":3,"name":"MERCEDES GLS 63 AMG"}]},{"@type":"WebSite","@id":"https:\/\/first-gt.com\/#website","url":"https:\/\/first-gt.com\/","name":"First GT","description":"First GT","potentialAction":[{"@type":"SearchAction","target":{"@type":"EntryPoint","urlTemplate":"https:\/\/first-gt.com\/?s={search_term_string}"},"query-input":{"@type":"PropertyValueSpecification","valueRequired":true,"valueName":"search_term_string"}}],"inLanguage":"fr-FR"}]}},"brands":[{"id":42,"name":"Mercedes","slug":"mercedes-fr"}],"_links":{"self":[{"href":"https:\/\/first-gt.com\/fr\/wp-json\/wp\/v2\/product\/771","targetHints":{"allow":["GET"]}}],"collection":[{"href":"https:\/\/first-gt.com\/fr\/wp-json\/wp\/v2\/product"}],"about":[{"href":"https:\/\/first-gt.com\/fr\/wp-json\/wp\/v2\/types\/product"}],"wp:featuredmedia":[{"embeddable":true,"href":"https:\/\/first-gt.com\/fr\/wp-json\/wp\/v2\/media\/335"}],"wp:attachment":[{"href":"https:\/\/first-gt.com\/fr\/wp-json\/wp\/v2\/media?parent=771"}],"wp:term":[{"taxonomy":"pwb-brand","embeddable":true,"href":"https:\/\/first-gt.com\/fr\/wp-json\/wp\/v2\/pwb-brand?post=771"},{"taxonomy":"product_brand","embeddable":true,"href":"https:\/\/first-gt.com\/fr\/wp-json\/wp\/v2\/product_brand?post=771"},{"taxonomy":"product_cat","embeddable":true,"href":"https:\/\/first-gt.com\/fr\/wp-json\/wp\/v2\/product_cat?post=771"},{"taxonomy":"product_tag","embeddable":true,"href":"https:\/\/first-gt.com\/fr\/wp-json\/wp\/v2\/product_tag?post=771"}],"curies":[{"name":"wp","href":"https:\/\/api.w.org\/{rel}","templated":true}]}}