{"id":759,"date":"2021-06-17T10:11:01","date_gmt":"2021-06-17T10:11:01","guid":{"rendered":"https:\/\/first-gt.com\/produit\/audi-a8\/"},"modified":"2026-04-16T14:16:12","modified_gmt":"2026-04-16T14:16:12","slug":"audi-a8","status":"publish","type":"product","link":"https:\/\/first-gt.com\/fr\/vehicules\/audi-a8\/","title":{"rendered":"AUDI A8"},"content":{"rendered":"<p>L\u2019Audi A8 repr\u00e9sente le sommet du savoir-faire de la marque en mati\u00e8re de berline de luxe. Son design, \u00e0 la fois sobre et imposant, repose sur des proportions parfaitement ma\u00eetris\u00e9es. \u00c0 l\u2019int\u00e9rieur, l\u2019accent est mis sur le confort et la technologie, avec un environnement digital avanc\u00e9 associ\u00e9 \u00e0 des mat\u00e9riaux haut de gamme. Les passagers b\u00e9n\u00e9ficient d\u2019un espace g\u00e9n\u00e9reux et d\u2019un niveau d\u2019isolation acoustique remarquable, cr\u00e9ant une atmosph\u00e8re apaisante. Sur la route, l\u2019A8 privil\u00e9gie la douceur et la ma\u00eetrise, offrant une conduite presque imperceptible tant elle est fluide. Elle s\u2019adresse \u00e0 ceux qui recherchent une exp\u00e9rience haut de gamme discr\u00e8te, o\u00f9 chaque d\u00e9tail contribue \u00e0 un sentiment de s\u00e9r\u00e9nit\u00e9.<\/p>\n","protected":false},"excerpt":{"rendered":"<p>Nombre de places : 5<br \/>\nPuissance : 286<br \/>\nPrix pour 1 journ\u00e9e (250km inclus) :<br \/>\n<span class=\"redclass\">\u00e0 partir de 750\u20ac<\/span><br \/>\nPrix pour 3 jours (750km inclus) :<br \/>\n<span class=\"redclass\">\u00e0 partir de 1900\u20ac<\/span><br \/>\nPrix pour 7 jours (1750km inclus) :<br \/>\n<span class=\"redclass\">\u00e0 partir de 3630\u20ac<\/span><br \/>\nFranchise :<br \/>\n<span class=\"redclass\">18000\u20ac<\/span><br \/>\nAssurance compl\u00e9mentaire (par jour) :<br \/>\n<span class=\"redclass\">60\u20ac par jour<\/span><br \/>\nFranchise r\u00e9duite :<br \/>\n<span class=\"redclass\">6000\u20ac<\/span><\/p>\n","protected":false},"featured_media":311,"template":"","meta":[],"pwb-brand":[],"product_brand":[],"product_cat":[72],"product_tag":[],"class_list":{"0":"post-759","1":"product","2":"type-product","3":"status-publish","4":"has-post-thumbnail","6":"product_cat-berlines","8":"first","9":"instock","10":"shipping-taxable","11":"product-type-simple","12":"add-to-wishlist-after_add_to_cart"},"yoast_head":"<!-- This site is optimized with the Yoast SEO plugin v27.5 - https:\/\/yoast.com\/product\/yoast-seo-wordpress\/ -->\n<title>AUDI A8 - First GT<\/title>\n<meta name=\"robots\" content=\"index, follow, max-snippet:-1, max-image-preview:large, max-video-preview:-1\" \/>\n<link rel=\"canonical\" href=\"https:\/\/first-gt.com\/fr\/vehicules\/audi-a8\/\" \/>\n<meta property=\"og:locale\" content=\"fr_FR\" \/>\n<meta property=\"og:type\" content=\"article\" \/>\n<meta property=\"og:title\" content=\"AUDI A8 - First GT\" \/>\n<meta property=\"og:description\" content=\"Nombre de places : 5 Puissance : 286 Prix pour 1 journ\u00e9e (250km inclus) : \u00e0 partir de 750\u20ac Prix pour 3 jours (750km inclus) : \u00e0 partir de 1900\u20ac Prix pour 7 jours (1750km inclus) : \u00e0 partir de 3630\u20ac Franchise : 18000\u20ac Assurance compl\u00e9mentaire (par jour) : 60\u20ac par jour Franchise r\u00e9duite : 6000\u20ac\" \/>\n<meta property=\"og:url\" content=\"https:\/\/first-gt.com\/fr\/vehicules\/audi-a8\/\" \/>\n<meta property=\"og:site_name\" content=\"First GT\" \/>\n<meta property=\"article:modified_time\" content=\"2026-04-16T14:16:12+00:00\" \/>\n<meta property=\"og:image\" content=\"https:\/\/first-gt.com\/wp-content\/uploads\/2021\/05\/audi-a8.jpg\" \/>\n\t<meta property=\"og:image:width\" content=\"1920\" \/>\n\t<meta property=\"og:image:height\" content=\"1200\" \/>\n\t<meta property=\"og:image:type\" content=\"image\/jpeg\" \/>\n<meta name=\"twitter:card\" content=\"summary_large_image\" \/>\n<meta name=\"twitter:label1\" content=\"Dur\u00e9e de lecture estim\u00e9e\" \/>\n\t<meta name=\"twitter:data1\" content=\"1 minute\" \/>\n<script type=\"application\/ld+json\" class=\"yoast-schema-graph\">{\"@context\":\"https:\\\/\\\/schema.org\",\"@graph\":[{\"@type\":\"WebPage\",\"@id\":\"https:\\\/\\\/first-gt.com\\\/fr\\\/vehicules\\\/audi-a8\\\/\",\"url\":\"https:\\\/\\\/first-gt.com\\\/fr\\\/vehicules\\\/audi-a8\\\/\",\"name\":\"AUDI A8 - First GT\",\"isPartOf\":{\"@id\":\"https:\\\/\\\/first-gt.com\\\/#website\"},\"primaryImageOfPage\":{\"@id\":\"https:\\\/\\\/first-gt.com\\\/fr\\\/vehicules\\\/audi-a8\\\/#primaryimage\"},\"image\":{\"@id\":\"https:\\\/\\\/first-gt.com\\\/fr\\\/vehicules\\\/audi-a8\\\/#primaryimage\"},\"thumbnailUrl\":\"https:\\\/\\\/first-gt.com\\\/wp-content\\\/uploads\\\/2021\\\/05\\\/audi-a8.jpg\",\"datePublished\":\"2021-06-17T10:11:01+00:00\",\"dateModified\":\"2026-04-16T14:16:12+00:00\",\"breadcrumb\":{\"@id\":\"https:\\\/\\\/first-gt.com\\\/fr\\\/vehicules\\\/audi-a8\\\/#breadcrumb\"},\"inLanguage\":\"fr-FR\",\"potentialAction\":[{\"@type\":\"ReadAction\",\"target\":[\"https:\\\/\\\/first-gt.com\\\/fr\\\/vehicules\\\/audi-a8\\\/\"]}]},{\"@type\":\"ImageObject\",\"inLanguage\":\"fr-FR\",\"@id\":\"https:\\\/\\\/first-gt.com\\\/fr\\\/vehicules\\\/audi-a8\\\/#primaryimage\",\"url\":\"https:\\\/\\\/first-gt.com\\\/wp-content\\\/uploads\\\/2021\\\/05\\\/audi-a8.jpg\",\"contentUrl\":\"https:\\\/\\\/first-gt.com\\\/wp-content\\\/uploads\\\/2021\\\/05\\\/audi-a8.jpg\",\"width\":1920,\"height\":1200},{\"@type\":\"BreadcrumbList\",\"@id\":\"https:\\\/\\\/first-gt.com\\\/fr\\\/vehicules\\\/audi-a8\\\/#breadcrumb\",\"itemListElement\":[{\"@type\":\"ListItem\",\"position\":1,\"name\":\"Accueil\",\"item\":\"https:\\\/\\\/first-gt.com\\\/fr\\\/\"},{\"@type\":\"ListItem\",\"position\":2,\"name\":\"Notre flotte de v\u00e9hicules\",\"item\":\"https:\\\/\\\/first-gt.com\\\/fr\\\/vehicules\\\/\"},{\"@type\":\"ListItem\",\"position\":3,\"name\":\"AUDI A8\"}]},{\"@type\":\"WebSite\",\"@id\":\"https:\\\/\\\/first-gt.com\\\/#website\",\"url\":\"https:\\\/\\\/first-gt.com\\\/\",\"name\":\"First GT\",\"description\":\"First GT\",\"potentialAction\":[{\"@type\":\"SearchAction\",\"target\":{\"@type\":\"EntryPoint\",\"urlTemplate\":\"https:\\\/\\\/first-gt.com\\\/?s={search_term_string}\"},\"query-input\":{\"@type\":\"PropertyValueSpecification\",\"valueRequired\":true,\"valueName\":\"search_term_string\"}}],\"inLanguage\":\"fr-FR\"}]}<\/script>\n<!-- \/ Yoast SEO plugin. -->","yoast_head_json":{"title":"AUDI A8 - First GT","robots":{"index":"index","follow":"follow","max-snippet":"max-snippet:-1","max-image-preview":"max-image-preview:large","max-video-preview":"max-video-preview:-1"},"canonical":"https:\/\/first-gt.com\/fr\/vehicules\/audi-a8\/","og_locale":"fr_FR","og_type":"article","og_title":"AUDI A8 - First GT","og_description":"Nombre de places : 5 Puissance : 286 Prix pour 1 journ\u00e9e (250km inclus) : \u00e0 partir de 750\u20ac Prix pour 3 jours (750km inclus) : \u00e0 partir de 1900\u20ac Prix pour 7 jours (1750km inclus) : \u00e0 partir de 3630\u20ac Franchise : 18000\u20ac Assurance compl\u00e9mentaire (par jour) : 60\u20ac par jour Franchise r\u00e9duite : 6000\u20ac","og_url":"https:\/\/first-gt.com\/fr\/vehicules\/audi-a8\/","og_site_name":"First GT","article_modified_time":"2026-04-16T14:16:12+00:00","og_image":[{"width":1920,"height":1200,"url":"https:\/\/first-gt.com\/wp-content\/uploads\/2021\/05\/audi-a8.jpg","type":"image\/jpeg"}],"twitter_card":"summary_large_image","twitter_misc":{"Dur\u00e9e de lecture estim\u00e9e":"1 minute"},"schema":{"@context":"https:\/\/schema.org","@graph":[{"@type":"WebPage","@id":"https:\/\/first-gt.com\/fr\/vehicules\/audi-a8\/","url":"https:\/\/first-gt.com\/fr\/vehicules\/audi-a8\/","name":"AUDI A8 - First GT","isPartOf":{"@id":"https:\/\/first-gt.com\/#website"},"primaryImageOfPage":{"@id":"https:\/\/first-gt.com\/fr\/vehicules\/audi-a8\/#primaryimage"},"image":{"@id":"https:\/\/first-gt.com\/fr\/vehicules\/audi-a8\/#primaryimage"},"thumbnailUrl":"https:\/\/first-gt.com\/wp-content\/uploads\/2021\/05\/audi-a8.jpg","datePublished":"2021-06-17T10:11:01+00:00","dateModified":"2026-04-16T14:16:12+00:00","breadcrumb":{"@id":"https:\/\/first-gt.com\/fr\/vehicules\/audi-a8\/#breadcrumb"},"inLanguage":"fr-FR","potentialAction":[{"@type":"ReadAction","target":["https:\/\/first-gt.com\/fr\/vehicules\/audi-a8\/"]}]},{"@type":"ImageObject","inLanguage":"fr-FR","@id":"https:\/\/first-gt.com\/fr\/vehicules\/audi-a8\/#primaryimage","url":"https:\/\/first-gt.com\/wp-content\/uploads\/2021\/05\/audi-a8.jpg","contentUrl":"https:\/\/first-gt.com\/wp-content\/uploads\/2021\/05\/audi-a8.jpg","width":1920,"height":1200},{"@type":"BreadcrumbList","@id":"https:\/\/first-gt.com\/fr\/vehicules\/audi-a8\/#breadcrumb","itemListElement":[{"@type":"ListItem","position":1,"name":"Accueil","item":"https:\/\/first-gt.com\/fr\/"},{"@type":"ListItem","position":2,"name":"Notre flotte de v\u00e9hicules","item":"https:\/\/first-gt.com\/fr\/vehicules\/"},{"@type":"ListItem","position":3,"name":"AUDI A8"}]},{"@type":"WebSite","@id":"https:\/\/first-gt.com\/#website","url":"https:\/\/first-gt.com\/","name":"First GT","description":"First GT","potentialAction":[{"@type":"SearchAction","target":{"@type":"EntryPoint","urlTemplate":"https:\/\/first-gt.com\/?s={search_term_string}"},"query-input":{"@type":"PropertyValueSpecification","valueRequired":true,"valueName":"search_term_string"}}],"inLanguage":"fr-FR"}]}},"brands":[],"_links":{"self":[{"href":"https:\/\/first-gt.com\/fr\/wp-json\/wp\/v2\/product\/759","targetHints":{"allow":["GET"]}}],"collection":[{"href":"https:\/\/first-gt.com\/fr\/wp-json\/wp\/v2\/product"}],"about":[{"href":"https:\/\/first-gt.com\/fr\/wp-json\/wp\/v2\/types\/product"}],"wp:featuredmedia":[{"embeddable":true,"href":"https:\/\/first-gt.com\/fr\/wp-json\/wp\/v2\/media\/311"}],"wp:attachment":[{"href":"https:\/\/first-gt.com\/fr\/wp-json\/wp\/v2\/media?parent=759"}],"wp:term":[{"taxonomy":"pwb-brand","embeddable":true,"href":"https:\/\/first-gt.com\/fr\/wp-json\/wp\/v2\/pwb-brand?post=759"},{"taxonomy":"product_brand","embeddable":true,"href":"https:\/\/first-gt.com\/fr\/wp-json\/wp\/v2\/product_brand?post=759"},{"taxonomy":"product_cat","embeddable":true,"href":"https:\/\/first-gt.com\/fr\/wp-json\/wp\/v2\/product_cat?post=759"},{"taxonomy":"product_tag","embeddable":true,"href":"https:\/\/first-gt.com\/fr\/wp-json\/wp\/v2\/product_tag?post=759"}],"curies":[{"name":"wp","href":"https:\/\/api.w.org\/{rel}","templated":true}]}}