{"id":737,"date":"2021-06-17T10:10:57","date_gmt":"2021-06-17T10:10:57","guid":{"rendered":"https:\/\/first-gt.com\/produit\/porsche-911-turbo-cabriolet\/"},"modified":"2026-04-16T14:34:44","modified_gmt":"2026-04-16T14:34:44","slug":"porsche-911-turbo-cabriolet","status":"publish","type":"product","link":"https:\/\/first-gt.com\/fr\/vehicules\/porsche-911-turbo-cabriolet\/","title":{"rendered":"PORSCHE 911 Turbo Cabriolet"},"content":{"rendered":"<p>La Porsche 911 Turbo Cabriolet repr\u00e9sente un niveau sup\u00e9rieur de performance au sein de la gamme, combinant puissance et ma\u00eetrise. Son design \u00e9largi et ses \u00e9l\u00e9ments a\u00e9rodynamiques refl\u00e8tent ses capacit\u00e9s \u00e9lev\u00e9es. En configuration ouverte, l\u2019exp\u00e9rience de conduite devient plus sensorielle, mettant en valeur ses performances. L\u2019int\u00e9rieur reste fid\u00e8le \u00e0 l\u2019ADN Porsche, avec une approche fonctionnelle et orient\u00e9e conducteur. Sur la route, elle d\u00e9livre une acc\u00e9l\u00e9ration impressionnante et une stabilit\u00e9 remarquable, offrant une exp\u00e9rience intense mais parfaitement contr\u00f4l\u00e9e.<\/p>\n","protected":false},"excerpt":{"rendered":"<p>Nombre de places : 2 + 2<br \/>\nPuissance : 650<br \/>\nPrix pour 1 journ\u00e9e (250km inclus) :<br \/>\n<span class=\"redclass\">\u00e0 partir de 1720\u20ac<\/span><br \/>\nPrix pour 3 jours (750km inclus) :<br \/>\n<span class=\"redclass\">\u00e0 partir de 4800\u20ac<\/span><br \/>\nPrix pour 7 jours (1750km inclus) :<br \/>\n<span class=\"redclass\">\u00e0 partir de 9200\u20ac<\/span><br \/>\nFranchise :<br \/>\n<span class=\"redclass\">40000\u20ac<\/span><br \/>\nAssurance compl\u00e9mentaire (par jour) :<br \/>\n<span class=\"redclass\">160\u20ac par jour<\/span><br \/>\nFranchise r\u00e9duite :<br \/>\n<span class=\"redclass\">15000\u20ac<\/span><\/p>\n","protected":false},"featured_media":267,"template":"","meta":[],"pwb-brand":[113],"product_brand":[],"product_cat":[70],"product_tag":[],"class_list":{"0":"post-737","1":"product","2":"type-product","3":"status-publish","4":"has-post-thumbnail","6":"pwb-brand-porsche-fr","7":"product_cat-vehicues-exception","9":"first","10":"instock","11":"shipping-taxable","12":"product-type-simple","13":"add-to-wishlist-after_add_to_cart"},"yoast_head":"<!-- This site is optimized with the Yoast SEO plugin v27.5 - https:\/\/yoast.com\/product\/yoast-seo-wordpress\/ -->\n<title>PORSCHE 911 Turbo Cabriolet - First GT<\/title>\n<meta name=\"robots\" content=\"index, follow, max-snippet:-1, max-image-preview:large, max-video-preview:-1\" \/>\n<link rel=\"canonical\" href=\"https:\/\/first-gt.com\/fr\/vehicules\/porsche-911-turbo-cabriolet\/\" \/>\n<meta property=\"og:locale\" content=\"fr_FR\" \/>\n<meta property=\"og:type\" content=\"article\" \/>\n<meta property=\"og:title\" content=\"PORSCHE 911 Turbo Cabriolet - First GT\" \/>\n<meta property=\"og:description\" content=\"Nombre de places : 2 + 2 Puissance : 650 Prix pour 1 journ\u00e9e (250km inclus) : \u00e0 partir de 1720\u20ac Prix pour 3 jours (750km inclus) : \u00e0 partir de 4800\u20ac Prix pour 7 jours (1750km inclus) : \u00e0 partir de 9200\u20ac Franchise : 40000\u20ac Assurance compl\u00e9mentaire (par jour) : 160\u20ac par jour Franchise r\u00e9duite : 15000\u20ac\" \/>\n<meta property=\"og:url\" content=\"https:\/\/first-gt.com\/fr\/vehicules\/porsche-911-turbo-cabriolet\/\" \/>\n<meta property=\"og:site_name\" content=\"First GT\" \/>\n<meta property=\"article:modified_time\" content=\"2026-04-16T14:34:44+00:00\" \/>\n<meta property=\"og:image\" content=\"https:\/\/first-gt.com\/wp-content\/uploads\/2021\/05\/porsche-911-turbo-convertible.jpg\" \/>\n\t<meta property=\"og:image:width\" content=\"1935\" \/>\n\t<meta property=\"og:image:height\" content=\"1089\" \/>\n\t<meta property=\"og:image:type\" content=\"image\/jpeg\" \/>\n<meta name=\"twitter:card\" content=\"summary_large_image\" \/>\n<meta name=\"twitter:label1\" content=\"Dur\u00e9e de lecture estim\u00e9e\" \/>\n\t<meta name=\"twitter:data1\" content=\"1 minute\" \/>\n<script type=\"application\/ld+json\" class=\"yoast-schema-graph\">{\"@context\":\"https:\\\/\\\/schema.org\",\"@graph\":[{\"@type\":\"WebPage\",\"@id\":\"https:\\\/\\\/first-gt.com\\\/fr\\\/vehicules\\\/porsche-911-turbo-cabriolet\\\/\",\"url\":\"https:\\\/\\\/first-gt.com\\\/fr\\\/vehicules\\\/porsche-911-turbo-cabriolet\\\/\",\"name\":\"PORSCHE 911 Turbo Cabriolet - First GT\",\"isPartOf\":{\"@id\":\"https:\\\/\\\/first-gt.com\\\/#website\"},\"primaryImageOfPage\":{\"@id\":\"https:\\\/\\\/first-gt.com\\\/fr\\\/vehicules\\\/porsche-911-turbo-cabriolet\\\/#primaryimage\"},\"image\":{\"@id\":\"https:\\\/\\\/first-gt.com\\\/fr\\\/vehicules\\\/porsche-911-turbo-cabriolet\\\/#primaryimage\"},\"thumbnailUrl\":\"https:\\\/\\\/first-gt.com\\\/wp-content\\\/uploads\\\/2021\\\/05\\\/porsche-911-turbo-convertible.jpg\",\"datePublished\":\"2021-06-17T10:10:57+00:00\",\"dateModified\":\"2026-04-16T14:34:44+00:00\",\"breadcrumb\":{\"@id\":\"https:\\\/\\\/first-gt.com\\\/fr\\\/vehicules\\\/porsche-911-turbo-cabriolet\\\/#breadcrumb\"},\"inLanguage\":\"fr-FR\",\"potentialAction\":[{\"@type\":\"ReadAction\",\"target\":[\"https:\\\/\\\/first-gt.com\\\/fr\\\/vehicules\\\/porsche-911-turbo-cabriolet\\\/\"]}]},{\"@type\":\"ImageObject\",\"inLanguage\":\"fr-FR\",\"@id\":\"https:\\\/\\\/first-gt.com\\\/fr\\\/vehicules\\\/porsche-911-turbo-cabriolet\\\/#primaryimage\",\"url\":\"https:\\\/\\\/first-gt.com\\\/wp-content\\\/uploads\\\/2021\\\/05\\\/porsche-911-turbo-convertible.jpg\",\"contentUrl\":\"https:\\\/\\\/first-gt.com\\\/wp-content\\\/uploads\\\/2021\\\/05\\\/porsche-911-turbo-convertible.jpg\",\"width\":1935,\"height\":1089},{\"@type\":\"BreadcrumbList\",\"@id\":\"https:\\\/\\\/first-gt.com\\\/fr\\\/vehicules\\\/porsche-911-turbo-cabriolet\\\/#breadcrumb\",\"itemListElement\":[{\"@type\":\"ListItem\",\"position\":1,\"name\":\"Accueil\",\"item\":\"https:\\\/\\\/first-gt.com\\\/fr\\\/\"},{\"@type\":\"ListItem\",\"position\":2,\"name\":\"Notre flotte de v\u00e9hicules\",\"item\":\"https:\\\/\\\/first-gt.com\\\/fr\\\/vehicules\\\/\"},{\"@type\":\"ListItem\",\"position\":3,\"name\":\"PORSCHE 911 Turbo Cabriolet\"}]},{\"@type\":\"WebSite\",\"@id\":\"https:\\\/\\\/first-gt.com\\\/#website\",\"url\":\"https:\\\/\\\/first-gt.com\\\/\",\"name\":\"First GT\",\"description\":\"First GT\",\"potentialAction\":[{\"@type\":\"SearchAction\",\"target\":{\"@type\":\"EntryPoint\",\"urlTemplate\":\"https:\\\/\\\/first-gt.com\\\/?s={search_term_string}\"},\"query-input\":{\"@type\":\"PropertyValueSpecification\",\"valueRequired\":true,\"valueName\":\"search_term_string\"}}],\"inLanguage\":\"fr-FR\"}]}<\/script>\n<!-- \/ Yoast SEO plugin. -->","yoast_head_json":{"title":"PORSCHE 911 Turbo Cabriolet - First GT","robots":{"index":"index","follow":"follow","max-snippet":"max-snippet:-1","max-image-preview":"max-image-preview:large","max-video-preview":"max-video-preview:-1"},"canonical":"https:\/\/first-gt.com\/fr\/vehicules\/porsche-911-turbo-cabriolet\/","og_locale":"fr_FR","og_type":"article","og_title":"PORSCHE 911 Turbo Cabriolet - First GT","og_description":"Nombre de places : 2 + 2 Puissance : 650 Prix pour 1 journ\u00e9e (250km inclus) : \u00e0 partir de 1720\u20ac Prix pour 3 jours (750km inclus) : \u00e0 partir de 4800\u20ac Prix pour 7 jours (1750km inclus) : \u00e0 partir de 9200\u20ac Franchise : 40000\u20ac Assurance compl\u00e9mentaire (par jour) : 160\u20ac par jour Franchise r\u00e9duite : 15000\u20ac","og_url":"https:\/\/first-gt.com\/fr\/vehicules\/porsche-911-turbo-cabriolet\/","og_site_name":"First GT","article_modified_time":"2026-04-16T14:34:44+00:00","og_image":[{"width":1935,"height":1089,"url":"https:\/\/first-gt.com\/wp-content\/uploads\/2021\/05\/porsche-911-turbo-convertible.jpg","type":"image\/jpeg"}],"twitter_card":"summary_large_image","twitter_misc":{"Dur\u00e9e de lecture estim\u00e9e":"1 minute"},"schema":{"@context":"https:\/\/schema.org","@graph":[{"@type":"WebPage","@id":"https:\/\/first-gt.com\/fr\/vehicules\/porsche-911-turbo-cabriolet\/","url":"https:\/\/first-gt.com\/fr\/vehicules\/porsche-911-turbo-cabriolet\/","name":"PORSCHE 911 Turbo Cabriolet - First GT","isPartOf":{"@id":"https:\/\/first-gt.com\/#website"},"primaryImageOfPage":{"@id":"https:\/\/first-gt.com\/fr\/vehicules\/porsche-911-turbo-cabriolet\/#primaryimage"},"image":{"@id":"https:\/\/first-gt.com\/fr\/vehicules\/porsche-911-turbo-cabriolet\/#primaryimage"},"thumbnailUrl":"https:\/\/first-gt.com\/wp-content\/uploads\/2021\/05\/porsche-911-turbo-convertible.jpg","datePublished":"2021-06-17T10:10:57+00:00","dateModified":"2026-04-16T14:34:44+00:00","breadcrumb":{"@id":"https:\/\/first-gt.com\/fr\/vehicules\/porsche-911-turbo-cabriolet\/#breadcrumb"},"inLanguage":"fr-FR","potentialAction":[{"@type":"ReadAction","target":["https:\/\/first-gt.com\/fr\/vehicules\/porsche-911-turbo-cabriolet\/"]}]},{"@type":"ImageObject","inLanguage":"fr-FR","@id":"https:\/\/first-gt.com\/fr\/vehicules\/porsche-911-turbo-cabriolet\/#primaryimage","url":"https:\/\/first-gt.com\/wp-content\/uploads\/2021\/05\/porsche-911-turbo-convertible.jpg","contentUrl":"https:\/\/first-gt.com\/wp-content\/uploads\/2021\/05\/porsche-911-turbo-convertible.jpg","width":1935,"height":1089},{"@type":"BreadcrumbList","@id":"https:\/\/first-gt.com\/fr\/vehicules\/porsche-911-turbo-cabriolet\/#breadcrumb","itemListElement":[{"@type":"ListItem","position":1,"name":"Accueil","item":"https:\/\/first-gt.com\/fr\/"},{"@type":"ListItem","position":2,"name":"Notre flotte de v\u00e9hicules","item":"https:\/\/first-gt.com\/fr\/vehicules\/"},{"@type":"ListItem","position":3,"name":"PORSCHE 911 Turbo Cabriolet"}]},{"@type":"WebSite","@id":"https:\/\/first-gt.com\/#website","url":"https:\/\/first-gt.com\/","name":"First GT","description":"First GT","potentialAction":[{"@type":"SearchAction","target":{"@type":"EntryPoint","urlTemplate":"https:\/\/first-gt.com\/?s={search_term_string}"},"query-input":{"@type":"PropertyValueSpecification","valueRequired":true,"valueName":"search_term_string"}}],"inLanguage":"fr-FR"}]}},"brands":[{"id":113,"name":"Porsche","slug":"porsche-fr"}],"_links":{"self":[{"href":"https:\/\/first-gt.com\/fr\/wp-json\/wp\/v2\/product\/737","targetHints":{"allow":["GET"]}}],"collection":[{"href":"https:\/\/first-gt.com\/fr\/wp-json\/wp\/v2\/product"}],"about":[{"href":"https:\/\/first-gt.com\/fr\/wp-json\/wp\/v2\/types\/product"}],"wp:featuredmedia":[{"embeddable":true,"href":"https:\/\/first-gt.com\/fr\/wp-json\/wp\/v2\/media\/267"}],"wp:attachment":[{"href":"https:\/\/first-gt.com\/fr\/wp-json\/wp\/v2\/media?parent=737"}],"wp:term":[{"taxonomy":"pwb-brand","embeddable":true,"href":"https:\/\/first-gt.com\/fr\/wp-json\/wp\/v2\/pwb-brand?post=737"},{"taxonomy":"product_brand","embeddable":true,"href":"https:\/\/first-gt.com\/fr\/wp-json\/wp\/v2\/product_brand?post=737"},{"taxonomy":"product_cat","embeddable":true,"href":"https:\/\/first-gt.com\/fr\/wp-json\/wp\/v2\/product_cat?post=737"},{"taxonomy":"product_tag","embeddable":true,"href":"https:\/\/first-gt.com\/fr\/wp-json\/wp\/v2\/product_tag?post=737"}],"curies":[{"name":"wp","href":"https:\/\/api.w.org\/{rel}","templated":true}]}}